{"id":18084,"date":"2019-06-27T10:50:53","date_gmt":"2019-06-27T10:50:53","guid":{"rendered":"http:\/\/www.aeroportlleida.cat.mialias.net\/aviso-legal\/"},"modified":"2022-03-15T10:42:09","modified_gmt":"2022-03-15T09:42:09","slug":"aviso-legal","status":"publish","type":"page","link":"https:\/\/aeroportlleida.cat\/es\/aviso-legal\/","title":{"rendered":"Av\u00eds Legal"},"content":{"rendered":"<div class=\"wpb-content-wrapper\"><p>[vc_row css_animation=\u00bb\u00bb row_type=\u00bbrow\u00bb use_row_as_full_screen_section=\u00bbno\u00bb type=\u00bbfull_width\u00bb angled_section=\u00bbno\u00bb text_align=\u00bbleft\u00bb background_image_as_pattern=\u00bbwithout_pattern\u00bb css=\u00bb.vc_custom_1553167092209{background-color: #ffffff !important;}\u00bb z_index=\u00bb\u00bb][vc_column][vc_row_inner row_type=\u00bbrow\u00bb type=\u00bbgrid\u00bb text_align=\u00bbleft\u00bb css_animation=\u00bb\u00bb css=\u00bb.vc_custom_1553168140594{padding-bottom: 3% !important;}\u00bb][vc_column_inner][vc_single_image image=\u00bb17017&#8243; img_size=\u00bbfull\u00bb qode_css_animation=\u00bb\u00bb][vc_column_text]<strong>Av\u00eds legal<\/strong><br \/>\n<strong>AEROPORTS P\u00daBLICS DE CATALUNYA<\/strong><br \/>\n<a href=\"http:\/\/aeroportlleida.cat\"><u>www.aeroportlleida.cat<\/u><\/a><\/p>\n<p><strong><em>Versi\u00f3 Gener 2022<\/em><\/strong><\/p>\n<p>&nbsp;<\/p>\n<ol>\n<li><strong><u> INFORMACI\u00d3 GENERAL<\/u><\/strong><\/li>\n<\/ol>\n<p>&nbsp;<\/p>\n<p><strong>1.1. Qui hi ha darrera d\u2019aquesta p\u00e0gina web <\/strong><\/p>\n<p>Darrera d\u2019aquesta p\u00e0gina web amb domini <a href=\"http:\/\/aeroportlleida.cat\">www.aeroportlleida.cat<\/a>, en endavant, referida com \u201cla P\u00e0gina Web\u201d, es troba Aeroports de Catalunya SL, entitat ubicada a Avinguda del Litoral, n\u00fam. 36-40, 2a planta, CP: 08005 de Barcelona, en endavant, Aeroports de Catalunya o \u201cl\u2019entitat\u201d.<\/p>\n<p>Si b\u00e9, aquesta p\u00e0gina web resulta d\u2019aplicaci\u00f3 o \u00e9s per tal de presentar l\u2019Aeroport Internacional Lleida-Alguaire,\u00a0ubicat a Alguaire (Lleida), CP: 25125.<\/p>\n<p>&nbsp;<\/p>\n<p>Les dades de contacte s\u00f3n:<\/p>\n<p>&nbsp;<\/p>\n<p><strong>AEROPORTS P\u00daBLICS DE CATALUNYA, S.L.<\/strong><\/p>\n<p><strong>CIF: <\/strong>B-64748627<\/p>\n<p><strong>Domicili social:<\/strong> Avinguda del Litoral, n\u00fam. 36-40, 2a planta, CP: 08005 de Barcelona<\/p>\n<p><strong>Correu electr\u00f2nic de contacte<\/strong>: <a href=\"mailto:info@aeroports.cat\">info@aeroports.cat<\/a><\/p>\n<p><strong>Correu electr\u00f2nic de contacte Aeroport Lleida<\/strong>: <a href=\"mailto:info@aeroportlleida.cat\">info@aeroportlleida.cat<\/a><\/p>\n<p><strong>Correu electr\u00f2nic del Delegat de Protecci\u00f3 de Dades (DPD):<\/strong>\u00a0<a href=\"mailto:lopd@aeroports.cat\">lopd@aeroports.cat<\/a><\/p>\n<p><strong>Tel\u00e8fon de contacte corporatiu: <\/strong><a href=\"tel:+34933278368\">93 327 83 68<\/a><\/p>\n<p><strong>Tel\u00e8fon de contacte Aeroport Lleida: <\/strong><a href=\"http:\/\/+34973032700\">97 303 27 00<\/a><\/p>\n<p><strong>Dades registrals<\/strong>: inscrita en el Registre Mercantil de Barcelona al volum 40264, foli 102, fulla n\u00famero B 361484, inscripci\u00f3 1a.<\/p>\n<p>&nbsp;<\/p>\n<p><strong>1.2. Breu descripci\u00f3 d\u2019aquesta p\u00e0gina web i finalitat <\/strong><\/p>\n<p>Aquesta p\u00e0gina web t\u00e9 per objecte facilitar informaci\u00f3 sobre l\u2019Aeroport de Lleida, un ens que t\u00e9 com a objectiu afavorir el desenvolupament del transport aeri a Catalunya i, en especial, relacionat amb la ciutat o prov\u00edncia de Lleida. Per aquest motiu participa, de forma conjunta amb les institucions del territori, en la comercialitzaci\u00f3 de les infraestructures aeroportu\u00e0ries catalanes.<\/p>\n<p>Aquesta plataforma tamb\u00e9 permet a l&#8217;Usuari de posar-se en contacte amb el titular de la p\u00e0gina per a que solucioni els seus dubtes.<\/p>\n<p>&nbsp;<\/p>\n<p><strong>1.3. Qu\u00e8 es pret\u00e9n amb aquest av\u00eds? <\/strong><\/p>\n<p>Amb aquest av\u00eds s\u2019informa a l\u2019Usuari sobre qui hi ha darrera d\u2019aquesta p\u00e0gina, aix\u00ed com informar del tipus d\u2019informaci\u00f3 que recollim sobre el mateix i per a qu\u00e8 la necessitem, en el seu cas, i, de les condicions d\u2019\u00fas i funcionament de la p\u00e0gina web.<\/p>\n<p>&nbsp;<\/p>\n<p>D\u2019aquesta manera, juntament amb aquest text, posem a disposici\u00f3 de l\u2019Usuari els altres textos legals d\u2019aplicaci\u00f3 com la <a href=\"\/politica-privacitat\/\"><u>pol\u00edtica de privacitat<\/u><\/a>\u00a0i de <a href=\"\/politica-de-cookies\/\"><u>cookies<\/u><\/a>.<\/p>\n<p>&nbsp;<\/p>\n<p><strong>1.4. Com contactar amb els responsables d\u2019aquesta P\u00e0gina?<\/strong><\/p>\n<p>Per tal de contactar amb el nostre equip, pot fer \u00fas del seg\u00fcent n\u00famero de tel\u00e8fon<strong>: <\/strong><strong>973 032 700 <\/strong>de la seg\u00fcent adre\u00e7a de correu electr\u00f2nic: <a href=\"mailto:info@aeroportlleida.cat\">info@aeroportlleida.cat <\/a>o mitjan\u00e7ant la b\u00fastia de contacte habilitada a l\u2019apartat \u201cContacte\u201d.<\/p>\n<p>&nbsp;<\/p>\n<ol start=\"2\">\n<li><strong><u> FUNCIONAMENT<\/u><\/strong><\/li>\n<\/ol>\n<p><strong>\u00a0<\/strong><\/p>\n<p><strong>2.1. Com funciona aquesta P\u00e0gina Web?<\/strong><\/p>\n<p>Qualsevol Usuari pot visitar aquesta p\u00e0gina web quan ho desitgi, de manera totalment lliure; aix\u00ed com consultar els serveis i projectes que es mostren en ella i contactar amb el titular de la p\u00e0gina.<\/p>\n<p>&nbsp;<\/p>\n<p><strong>2.2. Tipus d\u2019Usuari a la nostra p\u00e0gina web<\/strong><\/p>\n<p><strong>\u00a0A) <\/strong><strong><em>Sol\u00b7licitant d\u2019informaci\u00f3: <\/em><\/strong>\u00e9s la persona que accedeix a la p\u00e0gina web per requerir informaci\u00f3 sobre els serveis i projectes mostrats mitjan\u00e7ant les vies habilitades.<\/p>\n<p><strong><em>B) Visitant<\/em><\/strong><em>:<\/em> es tracta de la persona que simplement navega per la nostra p\u00e0gina web i que pot posar-se en contacte amb nosaltres.<\/p>\n<p><strong>\u00a0<\/strong><\/p>\n<p><strong>2.3. Quines regles de confidencialitat apliquem? <\/strong><\/p>\n<p>Quan l\u2019Usuari navega per la nostra p\u00e0gina web, podem arribar a recollir les seves dades d\u2019acord amb el que s\u2019estableix a la nostra pol\u00edtica de privacitat i de cookies. Si b\u00e9, com a Usuari, al navegar per la nostra plataforma tamb\u00e9 es compromet a tractar qualsevol informaci\u00f3 a qu\u00e8 pogu\u00e9s accedir amb confidencialitat, en especial, si tingu\u00e9s acc\u00e9s a alguna dada personal.<\/p>\n<p>&nbsp;<\/p>\n<p><strong>2.4. Condicions d\u2019\u00fas de la p\u00e0gina web<\/strong><\/p>\n<p>&nbsp;<\/p>\n<p><strong><em>2.4.1. Aspectes generals<\/em><\/strong><\/p>\n<p>Qualsevol persona que accedeixi i navegui per la nostra p\u00e0gina web es converteix en Usuari de la mateixa. Aix\u00f2 implica l&#8217;acceptaci\u00f3 dels textos legals d&#8217;aquesta p\u00e0gina web, detallats en totes les seves notes i pol\u00edtiques legals, relatives a la protecci\u00f3 de dades, propietat intel\u00b7lectual, mesures de seguretat i jurisdicci\u00f3 competent, entre d&#8217;altres.<\/p>\n<p>Com a Usuari, en accedir a aquesta p\u00e0gina, assumeix els riscos que es puguin produir pel seu compte i risc. D&#8217;aquesta manera, ha de ser responsable de l&#8217;\u00fas de mitjans idonis per evitar riscos controlables, que el pertoquin a vost\u00e8 o a la seva persona.<\/p>\n<p>Com a Usuari ha de llegir atentament el present Av\u00eds Legal en cadascuna de les ocasions en qu\u00e8 es proposi utilitzar la p\u00e0gina web, ja que aquesta pot patir modificacions i, per tant, es subjectar\u00e0 i haur\u00e0 d\u2019obeir al disposat.<\/p>\n<p>A m\u00e9s d&#8217;aquestes condicions d&#8217;\u00fas, haur\u00e0 de respectar en tot moment la resta de normes d&#8217;aquesta p\u00e0gina, doncs regulen tots els drets i deures dels Usuaris per a una millor protecci\u00f3 dels mateixos, la protecci\u00f3 de la nostra plataforma i per tant, tamb\u00e9 dels nostres serveis.<\/p>\n<p>&nbsp;<\/p>\n<p><strong><em>2.4.2. Drets de l\u2019Usuari<\/em><\/strong><\/p>\n<ul>\n<li>Com a Usuari t\u00e9 dret a ser at\u00e8s respecte dels seus dubtes, comentaris o exercici de drets, seguint-se per tot aix\u00f2 els procediments establerts a la nostra plataforma.<\/li>\n<li>T\u00e9 dret a que la seva informaci\u00f3 sigui tractada amb respecte i m\u00e0xima privacitat, pel qu\u00e8 hem disposat una adequada pol\u00edtica de protecci\u00f3 de dades aix\u00ed com una <a href=\"\/politica-privacitat\/\"><u>Pol\u00edtica de Privacitat<\/u><\/a>.<\/li>\n<\/ul>\n<p><em>\u00a0<\/em><\/p>\n<p><strong><em>2.4.3. Prohibicions de l\u2019Usuari<\/em><\/strong><\/p>\n<ul>\n<li>No pot aprofitar la seva condici\u00f3 d\u2019Usuari per accedir a informaci\u00f3 que no li correspon sobre els serveis oferts en aquesta p\u00e0gina o sobre els seus Usuaris i efectuar un \u00fas no autoritzat o en contra de la llei que pugui causar cap tipus de dany ni al titular d&#8217;aquesta p\u00e0gina web ni a un tercer o Usuari.<\/li>\n<li>Est\u00e0 prohibit qualsevol tipus d&#8217;enlla\u00e7 cap a o des de p\u00e0gines difamat\u00f2ries, pornogr\u00e0fiques, racistes o qualsevol altra que ofereixi informaci\u00f3 falsa o perjudiqui a la nostra p\u00e0gina web i a qualsevol dels professionals o col\u00b7laboradors que treballen amb o per a ella.<\/li>\n<li>En cap cas podr\u00e0 suprimir, alterar, eludir o manipular qualsevol dispositiu de protecci\u00f3 o sistemes de seguretat que puguin estar instal\u00b7lats a la P\u00e0gina per cometre algun delicte o frau, atemptar contra els drets de propietat intel\u00b7lectual, privacitat, confidencialitat dels usuaris de la plataforma o del seu titular.<\/li>\n<\/ul>\n<p>&nbsp;<\/p>\n<p><strong><em>2.4.4. Drets del titular<\/em><\/strong><\/p>\n<ul>\n<li>El titular d&#8217;aquesta p\u00e0gina web t\u00e9 dret a tractar les dades de l&#8217;Usuari d&#8217;acord amb el que estableixen aquests avisos i en la corresponent\u00a0<a href=\"\/politica-privacitat\/\">pol\u00edtica de privacitat<\/a> i de <a href=\"\/politica-de-cookies\/\">cookies<\/a>, utilitzant aquesta informaci\u00f3 per atendre les seves consultes i\/o seguiment de les mateixes, i portar\u00e0 a terme totes les mesures adequades segons llei per poder prestar el servei de forma efectiva.<\/li>\n<\/ul>\n<p>&nbsp;<\/p>\n<p>&nbsp;<\/p>\n<ol start=\"3\">\n<li><strong><u> POL\u00cdTICA DE CONTINGUTS, PROPIETAT INTEL\u00b7LECTUAL I INDUSTRIAL<\/u><\/strong><\/li>\n<\/ol>\n<p>&nbsp;<\/p>\n<p><strong>3.1. Tipus de continguts de la nostra P\u00e0gina Web<\/strong><\/p>\n<p>&nbsp;<\/p>\n<p><strong><em>3.1.1. Pol\u00edtica de propietat intel\u00b7lectual<\/em><\/strong><\/p>\n<ul>\n<li>La nostra pol\u00edtica de propietat intel\u00b7lectual \u00e9s aplicable a tota la nostra web, aix\u00ed com als continguts i materials difosos mitjan\u00e7ant aquestes plataformes.<\/li>\n<li>L\u2019Usuari reconeix expressament, amb car\u00e0cter general, que la informaci\u00f3, signes, imatges, dissenys, logotips, animacions, v\u00eddeos, textos, aix\u00ed com els altres elements i continguts, inclosos els seus serveis i aplicacions inform\u00e0tiques del lloc web estan subjectes a drets de propietat industrial i intel\u00b7lectual d\u2019Aeroports de Catalunya i de l\u2019Aeroport de Lleida i\/o de tercers titulars dels mateixos que han autoritzat degudament la seva inclusi\u00f3 en la plataforma, de manera que no se&#8217;ls concedeix cap tipus de dret sobre ells, llevat dels que expressament es reconeguin.<\/li>\n<li>Els Usuaris que accedeixin a la p\u00e0gina web poden visualitzar la informaci\u00f3 continguda a la mateixa i efectuar desc\u00e0rregues o reproduccions privades al seu sistema inform\u00e0tic, sempre que els elements reprodu\u00efts no siguin cedits posteriorment a tercers o s&#8217;instal\u00b7lin en un servidor connectat a Internet o a una xarxa local.<\/li>\n<li>En conson\u00e0ncia amb el disposat a l&#8217;apartat anterior, l&#8217;Usuari no estar\u00e0 facultat per, a t\u00edtol merament enunciatiu, distribuir, modificar, transformar, cedir, posar a disposici\u00f3 del p\u00fablic o portar a terme qualsevol altra activitat que no hagi estat expressament autoritzada sobre els elements i continguts indicats anteriorment, inclosos els codis inform\u00e0tics de qualsevol dels elements d&#8217;aquesta p\u00e0gina web.<\/li>\n<li>L\u2019Usuari que procedeixi a l&#8217;enviament de qualsevol tipus de contingut a la nostra p\u00e0gina web, assegura que ostenta els drets necessaris per fer-ho, quedant exempt Aeroports de Catalunya de qualsevol responsabilitat sobre el contingut i legalitat de la informaci\u00f3.<\/li>\n<li>La facilitaci\u00f3 de continguts per part de l&#8217;Usuari mitjan\u00e7ant la nostra p\u00e0gina web, com per exemple, comentaris, aportaci\u00f3 o publicaci\u00f3 de fotografies, v\u00eddeos, etc., si \u00e9s el cas, suposar\u00e0 la cessi\u00f3 a Aeroports de Catalunya amb car\u00e0cter gratu\u00eft dels drets d&#8217;explotaci\u00f3 de propietat intel\u00b7lectual i industrial derivats de tals continguts, amb la m\u00e0xima amplitud permesa per la legislaci\u00f3 aplicable. \u00c9s a dir, el titular de la plataforma podr\u00e0 fer un \u00fas d&#8217;aquest tipus de continguts sense que l\u2019Usuari pugui reclamar cap dret o compensaci\u00f3 econ\u00f2mica per aix\u00f2.<\/li>\n<li>L\u2019Usuari reconeix a Aeroports de Catalunya el dret de modificar els continguts introdu\u00efts per tal que s&#8217;adeq\u00fcin i siguin compatibles amb les caracter\u00edstiques t\u00e8cniques i est\u00e8tiques de la plataforma.<\/li>\n<li>L\u2019Usuari ser\u00e0 directament responsable de totes les conseq\u00fc\u00e8ncies, danys i perjudicis que es derivin per al titular de la plataforma i\/o tercers de la infracci\u00f3 de qualsevol obligaci\u00f3 continguda en la present cl\u00e0usula.<\/li>\n<\/ul>\n<p>&nbsp;<\/p>\n<p><strong><em>3.1.2.\u00a0 L\u00edmits de l\u2019Usuari respecte de l\u2019acc\u00e9s i \u00fas dels nostres continguts<\/em><\/strong><\/p>\n<p>L\u2019acc\u00e9s als continguts de propietat intel\u00b7lectual per part seva com a Usuari, no li transfereix cap dret sobre els mateixos. En aquest sentit, l&#8217;\u00fas que li doni a aquesta informaci\u00f3 i continguts nom\u00e9s pot ser privatiu (utilitzat d&#8217;una manera privada) i qualsevol \u00fas o reproducci\u00f3 realitzat pels Usuaris, o altres que es puguin incloure en un futur, s\u2019haur\u00e0 de realitzar d&#8217;acord amb les previsions i pol\u00edtiques legals aqu\u00ed establertes, respectant en tot cas les limitacions legals aplicables.<\/p>\n<p>&nbsp;<\/p>\n<p>Concretament, est\u00e0 prohibida:<\/p>\n<ul>\n<li>La reproducci\u00f3, transformaci\u00f3, distribuci\u00f3, comunicaci\u00f3 p\u00fablica, posada a disposici\u00f3 del p\u00fablic o qualsevol altre explotaci\u00f3 dels continguts d&#8217;aquesta p\u00e0gina, sense el consentiment per escrit dels respectius titulars.<\/li>\n<li>Tampoc es podran realitzar enlla\u00e7os a aquesta p\u00e0gina web sense el consentiment del seu titular i, si escau, nom\u00e9s es permetran enlla\u00e7os a la p\u00e0gina principal.<\/li>\n<li>No es permet l&#8217;enlla\u00e7 a \u00abp\u00e0gines finals\u00bb, actes de \u00abframe\u00bb o qualsevol altra manipulaci\u00f3 similar a aquesta p\u00e0gina sense consentiment expr\u00e9s per part d\u2019Aeroports de Catalunya llevat que es faci respectant el que disposa el punt 3.1.4 d&#8217;aquest Av\u00eds.<\/li>\n<\/ul>\n<p>Si vol sol\u00b7licitar cap tipus de perm\u00eds per utilitzar o publicar algun dels nostres continguts del web, es pot dirigir a nosaltres per algun dels mitjans indicats en el punt 1.4 d&#8217;aquest Av\u00eds.<\/p>\n<p>&nbsp;<\/p>\n<p><strong><em>3.1.3. Autoritzacions o Permisos<\/em><\/strong><\/p>\n<p>Com a Usuari podr\u00e0 visualitzar els elements de la p\u00e0gina web i fins i tot imprimir-los, copiar-los i emmagatzemar-los al disc dur del seu ordinador o en qualsevol altre suport f\u00edsic, sempre que sigui, \u00fanicament i exclusivament, per a un \u00fas personal i privat , quedant, per tant, prohibida la seva utilitzaci\u00f3 amb fins comercials, la seva distribuci\u00f3, aix\u00ed com la seva modificaci\u00f3, alteraci\u00f3 o descompilaci\u00f3.<\/p>\n<p>No obstant aix\u00f2, com a excepci\u00f3 a l&#8217;indicat en el punt anterior, li permetem que com a Usuari comparteixi all\u00f2 relatiu a la P\u00e0gina Web mitjan\u00e7ant xarxes socials, amb les accions \u00ab<em>tuit, retuit, compartir, bloguejar<\/em>\u00bb o similars, sempre que es respecti la nostra titularitat o l&#8217;esment a les persones corresponents.<\/p>\n<p>&nbsp;<\/p>\n<p><strong><em>3.1.4. Enlla\u00e7os entre p\u00e0gines web<\/em><\/strong><\/p>\n<p>Aquelles persones o entitats que es proposin establir un hiperenlla\u00e7 entre la seva p\u00e0gina web i aquesta p\u00e0gina web (en endavant, l&#8217;hiperenlla\u00e7), han de complir les condicions seg\u00fcents:<\/p>\n<p>&nbsp;<\/p>\n<ul>\n<li>L\u2019hiperenlla\u00e7 \u00fanicament permetr\u00e0 l&#8217;acc\u00e9s a la home de la p\u00e0gina web per\u00f2 no podr\u00e0 reproduir-la de cap manera.<\/li>\n<li>No es crear\u00e0 un \u201cframe\u201d sobre les p\u00e0gines de la plataforma.<\/li>\n<li>No es realitzaran manifestacions o indicacions falses, inexactes o incorrectes sobre Aeroports de Catalunya, els seus directius, els seus empleats i els serveis subministrats a trav\u00e9s de la p\u00e0gina web.<\/li>\n<li>No es declarar\u00e0 ni es donar\u00e0 a entendre que Aeroports de Catalunya ha autoritzat l\u2019hiperenlla\u00e7 o que ha supervisat o assumit de qualsevol manera els serveis oferts o posats a disposici\u00f3 des de la p\u00e0gina web en la qu\u00e8 s\u2019estableix l\u2019hiperenlla\u00e7.<\/li>\n<li>Excepci\u00f3 feta d&#8217;aquells signes que formin part del mateix hiperenlla\u00e7; \u00a0la p\u00e0gina web en la qual s&#8217;estableixi l&#8217;hiperenlla\u00e7 no contindr\u00e0 cap marca, nom comercial, r\u00e8tol d&#8217;establiment, denominaci\u00f3, logotip, esl\u00f2gan o altres signes distintius que pertanyin a Aeroports de Catalunya.<\/li>\n<li>La p\u00e0gina web en la qual s&#8217;estableixi l&#8217;hiperenlla\u00e7 no contindr\u00e0 informacions o continguts il\u00b7l\u00edcits, contraris a la moral i als bons costums generalment acceptats i a l&#8217;ordre p\u00fablic, aix\u00ed com continguts contraris a qualsevol drets de tercers.<\/li>\n<li>L&#8217;establiment de l&#8217;hiperenlla\u00e7 no implica, en cap cas, l&#8217;exist\u00e8ncia de relacions entre Aeroports de Catalunya i el propietari de la p\u00e0gina web en la qual s&#8217;estableixi, ni l&#8217;acceptaci\u00f3 i aprovaci\u00f3 per part del titular d\u2019aquesta p\u00e0gina web dels seus continguts o serveis.<\/li>\n<\/ul>\n<p>&nbsp;<\/p>\n<p><strong>3.2. Respecte del software corresponent a aquesta P\u00e0gina Web i del seu disseny <\/strong><\/p>\n<p>El titular d&#8217;aquesta p\u00e0gina web disposa dels permisos i llic\u00e8ncies per a utilitzar aquesta p\u00e0gina web, aix\u00ed com dels drets relatius al seu disseny. Qualsevol \u00fas del codi de programaci\u00f3, programari o disseny per part dels usuaris, no est\u00e0 perm\u00e8s, sent responsables els mateixos de qualsevol \u00fas fraudulent o en perjudici de drets de la titular de la p\u00e0gina web, o de tercers.<\/p>\n<p>En cap cas, podr\u00e0 extreure, manipular, copiar, compilar o descompilar cap element que composi la p\u00e0gina web, amb fins aliens o que escapin de l&#8217;objecte de l&#8217;ofert a la nostra p\u00e0gina web, podent emprendre accions legals contra vost\u00e8, si es detecta alguna acci\u00f3 en contra i per aquest motiu.<\/p>\n<p>&nbsp;<\/p>\n<p><strong>3.3. Respecte de la nostra marca i identitat corporativa<\/strong><\/p>\n<p>Como a Usuari no podr\u00e0 utilitzar la nostra marca, domini, esl\u00f2gan o qualsevol element que configuri la nostra identitat corporativa sense sol\u00b7licitar-nos perm\u00eds expr\u00e9s.<\/p>\n<p>&nbsp;<\/p>\n<p><strong>3.4. Regles complement\u00e0ries<\/strong><\/p>\n<p>Al no disposat als nostres avisos s\u2019estar\u00e0 al compliment del que es trobi disposat a la normativa aplicable de propietat intel\u00b7lectual i industrial.<\/p>\n<p>&nbsp;<\/p>\n<ol start=\"4\">\n<li><strong><u> R\u00c8GIM DE RESPONSABILITATS<\/u><\/strong><\/li>\n<\/ol>\n<p>&nbsp;<\/p>\n<p><strong>4.1 Responsabilitat d\u2019acc\u00e9s a la P\u00e0gina Web<\/strong><\/p>\n<p>L&#8217;acc\u00e9s a la nostra p\u00e0gina web ser\u00e0 de l&#8217;exclusiva responsabilitat de l&#8217;Usuari, tant en la forma d&#8217;acc\u00e9s, com en la informaci\u00f3 que facilita, aix\u00ed com en la seguretat amb qu\u00e8 navega a trav\u00e9s d&#8217;ella.<\/p>\n<p>Per la seva banda, el titular de la p\u00e0gina web es compromet a realitzar el millor i m\u00e9s gran esfor\u00e7, en la mesura del raonablement possible, per evitar errors en els continguts publicats a la web.<\/p>\n<p>No podem responsabilitzar-nos per les suspensions temporals, avaries o fallides t\u00e8cniques que afectin a la p\u00e0gina web provocades per causes alienes a la nostra entitat, per virus o inseguretat inform\u00e0tica ocasionada per tercers, ni per les actuacions il\u00b7legals i irrespectuoses dels Usuaris.<\/p>\n<p>Aeroports de Catalunya no garanteix la disponibilitat, continu\u00eftat ni la infal\u00b7libilitat del funcionament del lloc web i, en conseq\u00fc\u00e8ncia, exclou, en la m\u00e0xima mesura permesa per la legislaci\u00f3 vigent, qualsevol responsabilitat pels danys i perjudicis de tota naturalesa que puguin deure a la falta de disponibilitat o de continu\u00eftat del funcionament de la p\u00e0gina web, aix\u00ed com als errors en l&#8217;acc\u00e9s a les diferents p\u00e0gines web.<\/p>\n<p>Aeroports de Catalunya declina tota responsabilitat pels danys inform\u00e0tics o d&#8217;altre tipus que pogu\u00e9s ocasionar a l&#8217;Usuari visitant en l&#8217;acc\u00e9s als continguts del lloc web. Per aix\u00f2, el titular de la p\u00e0gina web no garanteix l&#8217;abs\u00e8ncia de virus o altres elements lesius que poguessin causar danys o alteracions en el sistema inform\u00e0tic, en els documents electr\u00f2nics o en els fitxers de l&#8217;Usuari o de tercers.<\/p>\n<p>&nbsp;<\/p>\n<p><strong>4.2. Respecte dels continguts publicats<\/strong><\/p>\n<p>Aeroports de Catalunya no es responsabilitza pel contingut i\/o actualitzaci\u00f3 dels enlla\u00e7os publicats a la nostra p\u00e0gina web, o de la informaci\u00f3 que indexi la mateixa i que estigui relacionada amb altres llocs webs o amb altres empreses que resultin vinculades als criteris de cerca de contingut dins el perfil de l&#8217;Usuari.<\/p>\n<p>Revisarem i actualitzarem la informaci\u00f3 publicada a la nostra p\u00e0gina web per\u00f2 no podem garantir que tota ella sigui totalment correcta ja que poden produir-se errors tipogr\u00e0fics, d&#8217;informaci\u00f3 inexacta o incompleta per qualsevol ra\u00f3 justificable.<\/p>\n<p>Sens perjudici de les limitacions establertes en la legislaci\u00f3 vigent, Aeroports de Catalunya no es responsabilitza pels danys i perjudicis de tota naturalesa que es puguin deure a la falta d&#8217;exactitud, exhaustivitat, actualitat, aix\u00ed com a errors o omissions de les informacions contingudes en la p\u00e0gina web o altres continguts.<\/p>\n<p>&nbsp;<\/p>\n<p><strong>4.3. Responsabilitat en relaci\u00f3 amb els serveis prestats<\/strong><\/p>\n<p>No ens podem fer responsables, en cap cas, entre d\u2019altres situacions: (i) pel contingut que l&#8217;Usuari, si escau, publiqui mitjan\u00e7ant la nostra p\u00e0gina web, que causin danys directes o indirectes o conseq\u00fcents a tercers; (ii) pels errors relacionats amb la descripci\u00f3 de la informaci\u00f3 publicada a la p\u00e0gina; (iii) per qualsevol \u00fas erroni o indegut que l&#8217;usuari doni a la nostra p\u00e0gina web o a la interpretaci\u00f3 dels continguts en ella.<\/p>\n<p>Els Usuaris s\u2019hauran d\u2019abstenir de realitzar actes de qualsevol tipus que contravinguin la legislaci\u00f3 aplicable.<\/p>\n<p>&nbsp;<\/p>\n<p><strong>4.4. Responsabilitat en relaci\u00f3 amb les fallides del servei<\/strong><\/p>\n<p>En general, ni la p\u00e0gina web ni el seu titular responen pels errors t\u00e8cnics en la p\u00e0gina web i\/o del no subministrament del servei d\u2019Internet: (i) per causa d\u2019accions o errors de tercers i\/o (ii) per causes pr\u00f2pies quan es resolgui l\u2019incident i\/o actu\u00ef de manera diligent.<\/p>\n<p>&nbsp;<\/p>\n<p><strong>4.5. Altres responsabilitats i deures<\/strong><\/p>\n<ul>\n<li>Si Aeroports de Catalunya fos declarada no responsable de qualsevol dany o perjudici amb causa als anteriors extrems en un procediment judicial o extrajudicial, per un Jutjat, Tribunal o Ens P\u00fablic administratiu competent, i ho fos l&#8217;Usuari, podr\u00e0 repetir contra aquest totes les quantitats que hagi hagut d&#8217;abonar i suportar, incl\u00f2s el mal emergent i el lucre cessant, i qualsevol cost o gravamen que hagu\u00e9s hagut d&#8217;afrontar, inclosos impostos, taxes, advocats, procuradors, perits, arbitratges, viatges, estades, i qualsevol altre.<\/li>\n<\/ul>\n<ul>\n<li>Aeroports de Catalunya es reserva el dret de comunicar la informaci\u00f3 confidencial que els Usuaris li hagin comunicat quan vingui imposat per llei, reglament, normativa, ordenan\u00e7a i\/o qualsevol altra mandat legal, judicial o sol\u00b7licitud governamental.<\/li>\n<\/ul>\n<p>&nbsp;<\/p>\n<ol start=\"5\">\n<li><strong><u> Protecci\u00f3 I FUNCIONAMENT DE LA P\u00c0GINA WEB <\/u><\/strong><\/li>\n<\/ol>\n<p>Aeroports de Catalunya mantindr\u00e0 operativa la p\u00e0gina web durant tot l&#8217;any, les 24 hores del dia, sempre que l&#8217;estat de la t\u00e8cnica ho permeti.<\/p>\n<p>No obstant aix\u00f2, els responsables de la p\u00e0gina web es reserven el dret de modificar o interrompre, en tot o en part, l&#8217;acc\u00e9s al sistema de manera temporal, quan el servei de manteniment, actualitzaci\u00f3 o reparaci\u00f3 del sistema o el servidor d&#8217;Internet el requereixi, sense necessitat d&#8217;haver-ho notificat a l&#8217;Usuari.<\/p>\n<p>Si l&#8217;Usuari detect\u00e9s cap anomalia, interfer\u00e8ncies de tercers, errors del sistema o mal funcionament del lloc web, ho haur\u00e0 de notificar a Aeroports de Catalunya, dirigint-se al correu de contacte: <a href=\"mailto:info@aeroportlleida.cat\">info@aeroportlleida.cat<\/a>, o al n\u00famero de tel\u00e8fon <a href=\"tel:+34973032700\">973 032 700<\/a>, per a que Aeroports de Catalunya procedeixi a la seva possible soluci\u00f3.<\/p>\n<p>&nbsp;<\/p>\n<ol start=\"6\">\n<li><strong><u> DRET DE MODIFICACI\u00d3 D\u2019AQUEST AV\u00cdS<\/u><\/strong><\/li>\n<\/ol>\n<p>Ens reservem el dret a modificar aquest av\u00eds per adaptar-lo a les novetats legislatives o jurisprudencials que vagin sorgint o es vagin publicant, aix\u00ed com a efectuar les modificacions oportunes d&#8217;acord amb les pr\u00e0ctiques de la ind\u00fastria o comercials.<\/p>\n<p>Quan es produeixi un canvi substancial o de rellev\u00e0ncia en les mateixes, avisarem mitjan\u00e7ant la present p\u00e0gina web i amb una antelaci\u00f3 prudencial, dels canvis que es vagin a produir en les nostres pol\u00edtiques, indicant quan est\u00e0 previst que comencin a tenir plens efectes.<\/p>\n<p>&nbsp;<\/p>\n<ol start=\"7\">\n<li><strong><u> NORMATIVA APLICABLE A AQUESTA P\u00c0GINA WEB<\/u><\/strong><\/li>\n<\/ol>\n<p>Tots els nostres textos i pol\u00edtiques legals associats a aquesta p\u00e0gina web es regeixen, en tots i cadascun dels seus extrems, per la legislaci\u00f3 espanyola: la Llei 34\/2002, de Serveis a la Societat de la Informaci\u00f3 i de Comer\u00e7 Electr\u00f2nic, el Reglament Europeu 679\/2016, de 27 de abril, de Protecci\u00f3 de Dades, la Llei org\u00e0nica 3\/2018, de 5 de desembre, de protecci\u00f3 de dades personals i garantia dels drets digitals, i quantes disposicions legals resultin d\u2019aplicaci\u00f3.<\/p>\n<p>&nbsp;<\/p>\n<ol start=\"8\">\n<li><strong><u> EXCLUSIONS DE LA POL\u00cdTICA LEGAL DE LA P\u00c0GINA WEB<\/u><\/strong><\/li>\n<\/ol>\n<p>La present pol\u00edtica legal tan sols afecta la informaci\u00f3 publicada i tractament de dades realitzat sobre la base de la nostra p\u00e0gina web. En cap cas, les condicions aqu\u00ed establertes han d&#8217;estar necess\u00e0riament relacionades amb les pol\u00edtiques d\u2019Aeroports de Catalunya pel que fa a la prestaci\u00f3 de serveis en s\u00ed, aix\u00ed com la forma de prestaci\u00f3 dels mateixos per part del seu titular.<\/p>\n<p>&nbsp;<\/p>\n<ol start=\"9\">\n<li><strong><u> JURISDICCI\u00d3 COMPETENT<\/u><\/strong><\/li>\n<\/ol>\n<p>En cas que sorgeixi qualsevol conflicte o discrep\u00e0ncia en la interpretaci\u00f3 o aplicaci\u00f3 de les presents condicions o av\u00eds, els Jutjats i Tribunals que, si escau, coneixeran de l&#8217;assumpte, seran els de Barcelona. En tot cas, si la seva situaci\u00f3 \u00e9s com a consumidor final, seran competents els tribunals corresponents al seu domicili.<\/p>\n<p>En tot cas, si la seva situaci\u00f3 \u00e9s com a consumidor final, seran competents els tribunals corresponents al seu domicili o Barcelona, segons la seva elecci\u00f3.<\/p>\n<p>En el cas de persones jur\u00eddiques, les parts es subjectaran als tribunals de Barcelona.<\/p>\n<p>&nbsp;<\/p>\n<ol start=\"10\">\n<li><u> <\/u><strong><u>A QUINES ALTRES POL\u00cdTIQUES LEGALS ES SUBJECTA AQUEST AV\u00cdS I L\u2019USUARI?<\/u><\/strong><\/li>\n<\/ol>\n<p><strong>\u00a0<\/strong><\/p>\n<p>El present av\u00eds legal es complementa amb la resta de pol\u00edtiques legals establertes a la nostra p\u00e0gina web, ja comentades en aquest av\u00eds, com la nostra <a href=\"http:\/\/aeroportlleida.cat\/politica-privacitat\/\"><u>pol\u00edtica de privacitat<\/u><\/a> i <a href=\"http:\/\/aeroportlleida.cat\/politica-de-cookies\/\"><u>pol\u00edtica de cookies<\/u><\/a>, a m\u00e9s de qualsevol altre que sigui necessari afegir o complementar, seguint el que es troba disposat a la legislaci\u00f3 vigent en cada moment, tot per vetllar per l\u2019inter\u00e8s dels nostres Usuaris, donant la major imatge de garantia i transpar\u00e8ncia.[\/vc_column_text][\/vc_column_inner][\/vc_row_inner][\/vc_column][\/vc_row]<\/p>\n<\/div>","protected":false},"excerpt":{"rendered":"<p>[vc_row css_animation=\u00bb\u00bb row_type=\u00bbrow\u00bb use_row_as_full_screen_section=\u00bbno\u00bb type=\u00bbfull_width\u00bb angled_section=\u00bbno\u00bb text_align=\u00bbleft\u00bb background_image_as_pattern=\u00bbwithout_pattern\u00bb css=\u00bb.vc_custom_1553167092209{background-color: #ffffff !important;}\u00bb z_index=\u00bb\u00bb][vc_column][vc_row_inner row_type=\u00bbrow\u00bb type=\u00bbgrid\u00bb text_align=\u00bbleft\u00bb css_animation=\u00bb\u00bb css=\u00bb.vc_custom_1553168140594{padding-bottom: 3% !important;}\u00bb][vc_column_inner][vc_single_image image=\u00bb17017&#8243; img_size=\u00bbfull\u00bb qode_css_animation=\u00bb\u00bb][vc_column_text]Av\u00eds legal AEROPORTS P\u00daBLICS DE CATALUNYA www.aeroportlleida.cat Versi\u00f3 Gener&#8230;<\/p>\n","protected":false},"author":8,"featured_media":0,"parent":0,"menu_order":0,"comment_status":"closed","ping_status":"closed","template":"","meta":{"footnotes":""},"class_list":["post-18084","page","type-page","status-publish","hentry"],"yoast_head":"<!-- This site is optimized with the Yoast SEO plugin v27.5 - https:\/\/yoast.com\/product\/yoast-seo-wordpress\/ -->\n<title>Av\u00eds Legal - Aeroport de Lleida-Alguaire<\/title>\n<meta name=\"robots\" content=\"index, follow, max-snippet:-1, max-image-preview:large, max-video-preview:-1\" \/>\n<link rel=\"canonical\" href=\"https:\/\/aeroportlleida.cat\/es\/aviso-legal\/\" \/>\n<meta property=\"og:locale\" content=\"es_ES\" \/>\n<meta property=\"og:type\" content=\"article\" \/>\n<meta property=\"og:title\" content=\"Av\u00eds Legal - Aeroport de Lleida-Alguaire\" \/>\n<meta property=\"og:description\" content=\"[vc_row css_animation=\u00bb\u00bb row_type=\u00bbrow\u00bb use_row_as_full_screen_section=\u00bbno\u00bb type=\u00bbfull_width\u00bb angled_section=\u00bbno\u00bb text_align=\u00bbleft\u00bb background_image_as_pattern=\u00bbwithout_pattern\u00bb css=\u00bb.vc_custom_1553167092209{background-color: #ffffff !important;}\u00bb z_index=\u00bb\u00bb][vc_column][vc_row_inner row_type=\u00bbrow\u00bb type=\u00bbgrid\u00bb text_align=\u00bbleft\u00bb css_animation=\u00bb\u00bb css=\u00bb.vc_custom_1553168140594{padding-bottom: 3% !important;}\u00bb][vc_column_inner][vc_single_image image=\u00bb17017&#8243; img_size=\u00bbfull\u00bb qode_css_animation=\u00bb\u00bb][vc_column_text]Av\u00eds legal AEROPORTS P\u00daBLICS DE CATALUNYA www.aeroportlleida.cat Versi\u00f3 Gener...\" \/>\n<meta property=\"og:url\" content=\"https:\/\/aeroportlleida.cat\/es\/aviso-legal\/\" \/>\n<meta property=\"og:site_name\" content=\"Aeroport de Lleida-Alguaire\" \/>\n<meta property=\"article:modified_time\" content=\"2022-03-15T09:42:09+00:00\" \/>\n<meta name=\"twitter:card\" content=\"summary_large_image\" \/>\n<meta name=\"twitter:label1\" content=\"Tiempo de lectura\" \/>\n\t<meta name=\"twitter:data1\" content=\"19 minutos\" \/>\n<script type=\"application\/ld+json\" class=\"yoast-schema-graph\">{\"@context\":\"https:\\\/\\\/schema.org\",\"@graph\":[{\"@type\":\"WebPage\",\"@id\":\"https:\\\/\\\/aeroportlleida.cat\\\/es\\\/aviso-legal\\\/\",\"url\":\"https:\\\/\\\/aeroportlleida.cat\\\/es\\\/aviso-legal\\\/\",\"name\":\"Av\u00eds Legal - Aeroport de Lleida-Alguaire\",\"isPartOf\":{\"@id\":\"https:\\\/\\\/aeroportlleida.cat\\\/#website\"},\"datePublished\":\"2019-06-27T10:50:53+00:00\",\"dateModified\":\"2022-03-15T09:42:09+00:00\",\"breadcrumb\":{\"@id\":\"https:\\\/\\\/aeroportlleida.cat\\\/es\\\/aviso-legal\\\/#breadcrumb\"},\"inLanguage\":\"es\",\"potentialAction\":[{\"@type\":\"ReadAction\",\"target\":[\"https:\\\/\\\/aeroportlleida.cat\\\/es\\\/aviso-legal\\\/\"]}]},{\"@type\":\"BreadcrumbList\",\"@id\":\"https:\\\/\\\/aeroportlleida.cat\\\/es\\\/aviso-legal\\\/#breadcrumb\",\"itemListElement\":[{\"@type\":\"ListItem\",\"position\":1,\"name\":\"Inici\",\"item\":\"https:\\\/\\\/aeroportlleida.cat\\\/es\\\/\"},{\"@type\":\"ListItem\",\"position\":2,\"name\":\"Av\u00eds Legal\"}]},{\"@type\":\"WebSite\",\"@id\":\"https:\\\/\\\/aeroportlleida.cat\\\/#website\",\"url\":\"https:\\\/\\\/aeroportlleida.cat\\\/\",\"name\":\"Aeroport de Lleida-Alguaire\",\"description\":\"Aeropuerto de Lleida-Alguaire\",\"publisher\":{\"@id\":\"https:\\\/\\\/aeroportlleida.cat\\\/#organization\"},\"potentialAction\":[{\"@type\":\"SearchAction\",\"target\":{\"@type\":\"EntryPoint\",\"urlTemplate\":\"https:\\\/\\\/aeroportlleida.cat\\\/?s={search_term_string}\"},\"query-input\":{\"@type\":\"PropertyValueSpecification\",\"valueRequired\":true,\"valueName\":\"search_term_string\"}}],\"inLanguage\":\"es\"},{\"@type\":\"Organization\",\"@id\":\"https:\\\/\\\/aeroportlleida.cat\\\/#organization\",\"name\":\"Aeroport de Lleida\",\"url\":\"https:\\\/\\\/aeroportlleida.cat\\\/\",\"logo\":{\"@type\":\"ImageObject\",\"inLanguage\":\"es\",\"@id\":\"https:\\\/\\\/aeroportlleida.cat\\\/#\\\/schema\\\/logo\\\/image\\\/\",\"url\":\"http:\\\/\\\/aeroportlleida.cat\\\/wp-content\\\/uploads\\\/2019\\\/04\\\/front-aero-lleida.jpg\",\"contentUrl\":\"http:\\\/\\\/aeroportlleida.cat\\\/wp-content\\\/uploads\\\/2019\\\/04\\\/front-aero-lleida.jpg\",\"width\":2000,\"height\":950,\"caption\":\"Aeroport de Lleida\"},\"image\":{\"@id\":\"https:\\\/\\\/aeroportlleida.cat\\\/#\\\/schema\\\/logo\\\/image\\\/\"}}]}<\/script>\n<!-- \/ Yoast SEO plugin. -->","yoast_head_json":{"title":"Av\u00eds Legal - Aeroport de Lleida-Alguaire","robots":{"index":"index","follow":"follow","max-snippet":"max-snippet:-1","max-image-preview":"max-image-preview:large","max-video-preview":"max-video-preview:-1"},"canonical":"https:\/\/aeroportlleida.cat\/es\/aviso-legal\/","og_locale":"es_ES","og_type":"article","og_title":"Av\u00eds Legal - Aeroport de Lleida-Alguaire","og_description":"[vc_row css_animation=\u00bb\u00bb row_type=\u00bbrow\u00bb use_row_as_full_screen_section=\u00bbno\u00bb type=\u00bbfull_width\u00bb angled_section=\u00bbno\u00bb text_align=\u00bbleft\u00bb background_image_as_pattern=\u00bbwithout_pattern\u00bb css=\u00bb.vc_custom_1553167092209{background-color: #ffffff !important;}\u00bb z_index=\u00bb\u00bb][vc_column][vc_row_inner row_type=\u00bbrow\u00bb type=\u00bbgrid\u00bb text_align=\u00bbleft\u00bb css_animation=\u00bb\u00bb css=\u00bb.vc_custom_1553168140594{padding-bottom: 3% !important;}\u00bb][vc_column_inner][vc_single_image image=\u00bb17017&#8243; img_size=\u00bbfull\u00bb qode_css_animation=\u00bb\u00bb][vc_column_text]Av\u00eds legal AEROPORTS P\u00daBLICS DE CATALUNYA www.aeroportlleida.cat Versi\u00f3 Gener...","og_url":"https:\/\/aeroportlleida.cat\/es\/aviso-legal\/","og_site_name":"Aeroport de Lleida-Alguaire","article_modified_time":"2022-03-15T09:42:09+00:00","twitter_card":"summary_large_image","twitter_misc":{"Tiempo de lectura":"19 minutos"},"schema":{"@context":"https:\/\/schema.org","@graph":[{"@type":"WebPage","@id":"https:\/\/aeroportlleida.cat\/es\/aviso-legal\/","url":"https:\/\/aeroportlleida.cat\/es\/aviso-legal\/","name":"Av\u00eds Legal - Aeroport de Lleida-Alguaire","isPartOf":{"@id":"https:\/\/aeroportlleida.cat\/#website"},"datePublished":"2019-06-27T10:50:53+00:00","dateModified":"2022-03-15T09:42:09+00:00","breadcrumb":{"@id":"https:\/\/aeroportlleida.cat\/es\/aviso-legal\/#breadcrumb"},"inLanguage":"es","potentialAction":[{"@type":"ReadAction","target":["https:\/\/aeroportlleida.cat\/es\/aviso-legal\/"]}]},{"@type":"BreadcrumbList","@id":"https:\/\/aeroportlleida.cat\/es\/aviso-legal\/#breadcrumb","itemListElement":[{"@type":"ListItem","position":1,"name":"Inici","item":"https:\/\/aeroportlleida.cat\/es\/"},{"@type":"ListItem","position":2,"name":"Av\u00eds Legal"}]},{"@type":"WebSite","@id":"https:\/\/aeroportlleida.cat\/#website","url":"https:\/\/aeroportlleida.cat\/","name":"Aeroport de Lleida-Alguaire","description":"Aeropuerto de Lleida-Alguaire","publisher":{"@id":"https:\/\/aeroportlleida.cat\/#organization"},"potentialAction":[{"@type":"SearchAction","target":{"@type":"EntryPoint","urlTemplate":"https:\/\/aeroportlleida.cat\/?s={search_term_string}"},"query-input":{"@type":"PropertyValueSpecification","valueRequired":true,"valueName":"search_term_string"}}],"inLanguage":"es"},{"@type":"Organization","@id":"https:\/\/aeroportlleida.cat\/#organization","name":"Aeroport de Lleida","url":"https:\/\/aeroportlleida.cat\/","logo":{"@type":"ImageObject","inLanguage":"es","@id":"https:\/\/aeroportlleida.cat\/#\/schema\/logo\/image\/","url":"http:\/\/aeroportlleida.cat\/wp-content\/uploads\/2019\/04\/front-aero-lleida.jpg","contentUrl":"http:\/\/aeroportlleida.cat\/wp-content\/uploads\/2019\/04\/front-aero-lleida.jpg","width":2000,"height":950,"caption":"Aeroport de Lleida"},"image":{"@id":"https:\/\/aeroportlleida.cat\/#\/schema\/logo\/image\/"}}]}},"_links":{"self":[{"href":"https:\/\/aeroportlleida.cat\/es\/wp-json\/wp\/v2\/pages\/18084","targetHints":{"allow":["GET"]}}],"collection":[{"href":"https:\/\/aeroportlleida.cat\/es\/wp-json\/wp\/v2\/pages"}],"about":[{"href":"https:\/\/aeroportlleida.cat\/es\/wp-json\/wp\/v2\/types\/page"}],"author":[{"embeddable":true,"href":"https:\/\/aeroportlleida.cat\/es\/wp-json\/wp\/v2\/users\/8"}],"replies":[{"embeddable":true,"href":"https:\/\/aeroportlleida.cat\/es\/wp-json\/wp\/v2\/comments?post=18084"}],"version-history":[{"count":4,"href":"https:\/\/aeroportlleida.cat\/es\/wp-json\/wp\/v2\/pages\/18084\/revisions"}],"predecessor-version":[{"id":19238,"href":"https:\/\/aeroportlleida.cat\/es\/wp-json\/wp\/v2\/pages\/18084\/revisions\/19238"}],"wp:attachment":[{"href":"https:\/\/aeroportlleida.cat\/es\/wp-json\/wp\/v2\/media?parent=18084"}],"curies":[{"name":"wp","href":"https:\/\/api.w.org\/{rel}","templated":true}]}}